{"id":2247,"date":"2023-01-10T10:38:51","date_gmt":"2023-01-10T09:38:51","guid":{"rendered":"https:\/\/bis-art.com\/?page_id=2247"},"modified":"2023-01-11T14:52:32","modified_gmt":"2023-01-11T13:52:32","slug":"edition2018-nos-remerciements","status":"publish","type":"page","link":"https:\/\/bis-art.com\/index.php\/edition2018-nos-remerciements\/","title":{"rendered":"Edition2018 Nos remerciements"},"content":{"rendered":"\n<div style=\"height:60px\" aria-hidden=\"true\" class=\"wp-block-spacer\"><\/div>\n\n\n<h2><span style=\"color: #e41871;\">Edition 2018 &#8211; Nos remerciements<\/span><\/h2>\n\n\n<div class=\"wp-block-columns\">\n<div class=\"wp-block-column\" style=\"flex-basis:66.66%\">\n<div class=\"column\">\n<p>Cette premi\u00e8re \u00e9dition a \u00e9t\u00e9 r\u00e9alis\u00e9e avec le concours de<br \/><em>This first edition was produced with the support of<\/em><\/p>\n<p class=\"like-h1\"><span class=\"ezstring-field\"><a href=\"https:\/\/www.culture.gouv.fr\/Regions\/Drac-Provence-Alpes-Cote-d-Azur\" target=\"_blank\" rel=\"noopener\"><span style=\"color: #e41871;\">Drac Provence-Alpes-C\u00f4te d&#8217;Azur<\/span><\/a><br \/><\/span><span style=\"color: #e41871;\"><a style=\"color: #e41871;\" href=\"https:\/\/www.maregionsud.fr\" target=\"_blank\" rel=\"noopener\">R\u00e9gion Sud Provence-Alpes-C\u00f4te d\u2019Azur<\/a><\/span><br \/><span style=\"color: #e41871;\"><a style=\"color: #e41871;\" href=\"https:\/\/www.departement06.fr\/\" target=\"_blank\" rel=\"noopener\">D\u00e9partement des Alpes-Maritimes<\/a> <\/span><br \/><span style=\"color: #e41871;\"><a style=\"color: #e41871;\" href=\"https:\/\/saintpauldevence.org\" target=\"_blank\" rel=\"noopener\">Commune Saint-Paul de Vence<\/a><\/span><\/p>\n<p><span style=\"color: #e41871;\"><a style=\"color: #e41871;\" href=\"https:\/\/bis-art.com\/index.php\/galeries-lafayette\/\" target=\"_blank\" rel=\"noopener\">Groupe Galeries Lafayette<\/a><\/span><br \/><span style=\"color: #e41871;\"><a style=\"color: #e41871;\" href=\"https:\/\/bis-art.com\/index.php\/appia-art-assurance\/\" target=\"_blank\" rel=\"noopener\">Appia Art &amp; Assurance<\/a><\/span><br \/><span style=\"color: #e41871;\"><a style=\"color: #e41871;\" href=\"https:\/\/www.fragonard.com\" target=\"_blank\" rel=\"noopener\">Les Parfumeries Fragonard<\/a><\/span><br \/><span style=\"color: #e41871;\"><a style=\"color: #e41871;\" href=\"https:\/\/www.saint-pauldevence.com\" target=\"_blank\" rel=\"noopener\">Office de Tourisme de\u00a0Saint-Paul de Vence<\/a><\/span><\/p>\n<p style=\"text-align: left;\"><span style=\"color: #e41871;\"><a style=\"color: #e41871;\" href=\"http:\/\/www.la-colombe-dor.com\" target=\"_blank\" rel=\"noopener\">La Colombe d\u2019Or<\/a><br \/><a style=\"color: #e41871;\" href=\"https:\/\/www.vaguesaintpaul.com\/fr\/\" target=\"_blank\" rel=\"noopener\">La Vague de Saint-Paul<\/a><br \/><a style=\"color: #e41871;\" href=\"https:\/\/www.restaurant-letilleul.com\" target=\"_blank\" rel=\"noopener\">Restaurant le Tilleul<\/a><br \/>H\u00f4tel\/Restaurant Alain LLorca<br \/><a style=\"color: #e41871;\" href=\"https:\/\/www.facebook.com\/crossoversummer\" target=\"_blank\" rel=\"noopener\">Crossover<\/a><br \/><a style=\"color: #e41871;\" href=\"https:\/\/festivalsaintpauldevence.com\" target=\"_blank\" rel=\"noopener\">Festival de Saint-Paul de Vence<\/a> <br \/><a style=\"color: #e41871;\" href=\"https:\/\/www.fondation-maeght.com\" target=\"_blank\" rel=\"noopener\">La fondation Maeght<\/a> <br \/><a style=\"color: #e41871;\" href=\"https:\/\/www.saint-pauldevence.com\" target=\"_blank\" rel=\"noopener\">Office de tourisme de Saint-Paul de Vence<\/a> <br \/><a style=\"color: #e41871;\" href=\"https:\/\/www.la-strada.net\" target=\"_blank\" rel=\"noopener\">La Strada<\/a> <br \/>Jean-Pierre Cr\u00e9mieux<br \/><a style=\"color: #e41871;\" href=\"https:\/\/www.stamp-publicite.com\" target=\"_blank\" rel=\"noopener\">Stamp Publicit\u00e9<\/a><\/span><\/p>\n<p style=\"text-align: left;\"><span style=\"color: #e41871;\"><a style=\"color: #e41871;\" href=\"https:\/\/www.frac-provence-alpes-cotedazur.org\" target=\"_blank\" rel=\"noopener\">FRAC Provence Alpes C\u00f4te d&#8217;Azur<\/a><br \/><a style=\"color: #e41871;\" href=\"https:\/\/www.espacedelartconcret.fr\" target=\"_blank\" rel=\"noopener\">Espace de l&#8217;Art Concret<\/a><br \/><a style=\"color: #e41871;\" href=\"https:\/\/www.mamac-nice.org\/fr\/\" target=\"_blank\" rel=\"noopener\">Mamac<\/a><br \/><a style=\"color: #e41871;\" href=\"https:\/\/www.ora-ito.com\" target=\"_blank\" rel=\"noopener\">Ora Ito<\/a><br \/><a style=\"color: #e41871;\" href=\"https:\/\/www.documentsdartistes.org\/index.php\" target=\"_blank\" rel=\"noopener\">Documents d&#8217;Artistes PACA<\/a><br \/><a style=\"color: #e41871;\" href=\"http:\/\/de-lart.org\" target=\"_blank\" rel=\"noopener\">Del&#8217;art<\/a><\/span><\/p>\n<p>\u00a0<\/p>\n<\/div>\n\n\n\n<hr class=\"wp-block-separator has-text-color has-background is-style-wide\" style=\"background-color:#e41871;color:#e41871\"\/>\n\n\n\n<div class=\"column\">\n<p>Que les artistes, galeries et institutions qui ont eu \u00e0 c\u0153ur de participer \u00e0 cette exposition par leurs g\u00e9n\u00e9reux pr\u00eats, trouvent ici l\u2019expression de notre profonde gratitude :<br \/><em>We would like to express our deepest gratitude to the artists, galleries and institutions that have generously lent to this exhibition:<\/em><\/p>\n<p>Vincent Barr\u00e9<br \/>Jan Fabre<br \/>Antony Gormley<br \/>Wang Keping<br \/>Arik L\u00e9vy<br \/>Vincent Mauger<br \/>Tania Mouraud<br \/>David Nash<br \/>Jean-Pierre Raynaud<br \/>Vladimir Skoda<br \/>Agn\u00e8s Thurnauer<br \/>Morgane Tschiember<br \/>Henk Visch<\/p>\n<p>Simon B\u00e9rard<br \/>Isabelle Giovacchini<br \/>Quentin Spohn<br \/>Gabrielle Conilh de Beyssac<\/p>\n<\/div>\n<div class=\"column\">\n<div class=\"page\" title=\"Page 118\">\n<div class=\"section\">\n<div class=\"layoutArea\">\n<div class=\"column\">\n<p><a href=\"https:\/\/www.galeriebernardjordan.com\/devanture\" target=\"_blank\" rel=\"noopener\"><span style=\"color: #e41871;\">Galerie Bernard Jordan<\/span><\/a><br \/><span style=\"color: #e41871;\"><span style=\"font-size: 1rem;\"><a style=\"color: #e41871;\" href=\"https:\/\/www.guypietersgallery.com\/en\/home\" target=\"_blank\" rel=\"noopener\">Galerie Guy Pieters<\/a><br \/><\/span><span style=\"font-size: 1rem;\"><a style=\"color: #e41871;\" href=\"https:\/\/ropac.net\" target=\"_blank\" rel=\"noopener\">Galerie Thaddaeus Ropac<\/a><br \/><\/span><span style=\"font-size: 1rem;\"><a style=\"color: #e41871;\" href=\"https:\/\/www.nathalieobadia.com\/fr\/\" target=\"_blank\" rel=\"noopener\">Galerie Nathalie Obadia<\/a><br \/><\/span><span style=\"font-size: 1rem;\"><a style=\"color: #e41871;\" href=\"https:\/\/www.pr-gallery.com\" target=\"_blank\" rel=\"noopener\">Galerie Podgorny Robinson<\/a><br \/><\/span><span style=\"font-size: 1rem;\"><a style=\"color: #e41871;\" href=\"https:\/\/www.galerie-lelong.com\/fr\/\" target=\"_blank\" rel=\"noopener\">Galerie Lelong &amp; Co<\/a><br \/><\/span><span style=\"font-size: 1rem;\"><a style=\"color: #e41871;\" href=\"https:\/\/www.csmulders.com\" target=\"_blank\" rel=\"noopener\">Caroline Smulders<\/a><br \/><\/span><a style=\"color: #e41871;\" href=\"https:\/\/www.galerie-issert.com\" target=\"_blank\" rel=\"noopener\"><span style=\"font-size: 1rem;\">Galerie Catherine Issert<\/span><\/a><\/span><\/p>\n<p>\u00a0<\/p>\n<\/div>\n<\/div>\n<\/div>\n<\/div>\n<\/div>\n\n\n\n<hr class=\"wp-block-separator has-text-color has-background is-style-wide\" style=\"background-color:#e41871;color:#e41871\"\/>\n\n\n\n<p>\u00a0<\/p>\n<p>Nos remerciements s\u2019adressent \u00e9galement \u00e0 toutes les personnes qui ont particip\u00e9 \u00e0 la r\u00e9alisation de cette exposition par leur soutien, par leur contribution, ou par leur aide attentive.<br \/><em>We would also like to thank all those who have contributed to the realisation of this exhibition through their support, their contribution, or their attentive help.<\/em><\/p>\n<\/div>\n\n\n\n<div class=\"wp-block-column\" style=\"flex-basis:33.33%\">\n<h4 style=\"text-align: right;\"><span style=\"color: #e41871;\"><strong><a style=\"color: #e41871;\" href=\"https:\/\/bis-art.com\/index.php\/edition2018\/\">\u00c9dition 2018 &gt;<\/a><\/strong><\/span><\/h4>\n<h4 style=\"text-align: right;\"><span style=\"color: #e41871;\"><strong><a style=\"color: #e41871;\" href=\"https:\/\/bis-art.com\/index.php\/edition2018-jury\/\">Le jury &gt;<\/a><br><a style=\"color: #e41871;\" href=\"https:\/\/bis-art.com\/index.php\/edition2018-artistes\/\">Les artistes et les oeuvres &gt;<\/a><\/strong><\/span><span style=\"color: #4b86c7;\"><strong><br><\/strong><\/span><\/h4>\n\n\n\n<p><\/p>\n<\/div>\n<\/div>\n\n\n\n<div style=\"height:25px\" aria-hidden=\"true\" class=\"wp-block-spacer\"><\/div>\n\n\n\n<div style=\"height:60px\" aria-hidden=\"true\" class=\"wp-block-spacer\"><\/div>\n","protected":false},"excerpt":{"rendered":"<p>Edition 2018 &#8211; Nos remerciements Cette premi\u00e8re \u00e9dition a \u00e9t\u00e9 r\u00e9alis\u00e9e avec le concours deThis first edition was produced with the support of Drac Provence-Alpes-C\u00f4te d&#8217;AzurR\u00e9gion Sud Provence-Alpes-C\u00f4te d\u2019AzurD\u00e9partement des Alpes-Maritimes Commune Saint-Paul de Vence Groupe Galeries LafayetteAppia Art &amp; AssuranceLes Parfumeries FragonardOffice de Tourisme de\u00a0Saint-Paul de Vence La Colombe d\u2019OrLa Vague de Saint-PaulRestaurant le &hellip;<\/p>\n<p class=\"read-more\"> <a class=\"\" href=\"https:\/\/bis-art.com\/index.php\/edition2018-nos-remerciements\/\"> <span class=\"screen-reader-text\">Edition2018 Nos remerciements<\/span> Lire la suite \u00bb<\/a><\/p>\n","protected":false},"author":1,"featured_media":0,"parent":0,"menu_order":0,"comment_status":"closed","ping_status":"closed","template":"","meta":{"site-sidebar-layout":"default","site-content-layout":"default","ast-global-header-display":"","ast-main-header-display":"","ast-hfb-above-header-display":"","ast-hfb-below-header-display":"","ast-hfb-mobile-header-display":"","site-post-title":"disabled","ast-breadcrumbs-content":"","ast-featured-img":"","footer-sml-layout":"","theme-transparent-header-meta":"","adv-header-id-meta":"","stick-header-meta":"","header-above-stick-meta":"","header-main-stick-meta":"","header-below-stick-meta":""},"_links":{"self":[{"href":"https:\/\/bis-art.com\/index.php\/wp-json\/wp\/v2\/pages\/2247"}],"collection":[{"href":"https:\/\/bis-art.com\/index.php\/wp-json\/wp\/v2\/pages"}],"about":[{"href":"https:\/\/bis-art.com\/index.php\/wp-json\/wp\/v2\/types\/page"}],"author":[{"embeddable":true,"href":"https:\/\/bis-art.com\/index.php\/wp-json\/wp\/v2\/users\/1"}],"replies":[{"embeddable":true,"href":"https:\/\/bis-art.com\/index.php\/wp-json\/wp\/v2\/comments?post=2247"}],"version-history":[{"count":5,"href":"https:\/\/bis-art.com\/index.php\/wp-json\/wp\/v2\/pages\/2247\/revisions"}],"predecessor-version":[{"id":2425,"href":"https:\/\/bis-art.com\/index.php\/wp-json\/wp\/v2\/pages\/2247\/revisions\/2425"}],"wp:attachment":[{"href":"https:\/\/bis-art.com\/index.php\/wp-json\/wp\/v2\/media?parent=2247"}],"curies":[{"name":"wp","href":"https:\/\/api.w.org\/{rel}","templated":true}]}}