{"id":3344,"date":"2023-07-10T12:10:31","date_gmt":"2023-07-10T10:10:31","guid":{"rendered":"https:\/\/bis-art.com\/?page_id=3344"},"modified":"2023-07-10T12:10:32","modified_gmt":"2023-07-10T10:10:32","slug":"tadashi-kawamata-nests-in-saint-paul-de-vence-2023","status":"publish","type":"page","link":"https:\/\/bis-art.com\/index.php\/tadashi-kawamata-nests-in-saint-paul-de-vence-2023\/","title":{"rendered":"Tadashi Kawamata-Nests in Saint-Paul- de-Vence, 2023"},"content":{"rendered":"\n<div style=\"height:60px\" aria-hidden=\"true\" class=\"wp-block-spacer\"><\/div>\n\n\n\n<div class=\"wp-block-columns\">\n<div class=\"wp-block-column\">\n<h2><span style=\"color: #333333;\">Tadashi Kawamata<br \/><span style=\"color: #4b86c7;\">Nests in Saint-Paul-de-Vence, 2023<\/span><\/span><\/h2>\n<p>\u00a0<\/p>\n<p>Avec son installation <i>Nests in Saint-Paul-de-Vence<\/i>, Tadashi Kawamata nidifie le village embl\u00e9matique m\u00e9di\u00e9val du Sud de la France.<span class=\"Apple-converted-space\">\u00a0<\/span><\/p>\n<p>Invasifs et spontan\u00e9s, les <i>Nests <\/i>sont r\u00e9alis\u00e9s en assemblant des mat\u00e9riaux de r\u00e9cup\u00e9ration faits de bois, dans une grande libert\u00e9 d\u2019action et de geste. Intervenant de mani\u00e8re soudaine et inattendue dans l\u2019espace urbain, ils interrogent les formes b\u00e2ties de la ville et notre exp\u00e9rience face \u00e0 celles-ci.<span class=\"Apple-converted-space\">\u00a0<br \/><\/span>Les <i>Nests<\/i>, \u00e0 l\u2019image de toutes ses oeuvres, sont toujours con\u00e7us <i>in situ<\/i>. Le processus cr\u00e9atif de l\u2019artiste d\u00e9bute toujours apr\u00e8s s\u2019\u00eatre rendu dans le lieu d\u2019exposition. Ils se construisent comme une r\u00e9action \u00e0 un lieu donn\u00e9.<span class=\"Apple-converted-space\">\u00a0<br \/><\/span>Install\u00e9s en hauteur, ces nids nous invitent \u00e0 r\u00e9fl\u00e9chir aux enjeux \u00e9cologiques actuels, au r\u00e9chauffement climatique et aux catastrophes naturelles. \u00c9ph\u00e9m\u00e8res, ils renforcent davantage cette sensation de fragilit\u00e9 de la biodiversit\u00e9.<span class=\"Apple-converted-space\">\u00a0<br \/><\/span>Ces abris, ces refuges sont dispos\u00e9s de part et d\u2019autre du village. Deux des nids se retrouvent perch\u00e9s, l\u2019un sur l\u2019arbre du Bastion Royal, l\u2019un sur le rempart, Courtine Saint-M\u00eftre. Un autre enroule la tr\u00e8s haute Tour de la Coll\u00e9giale de l\u2019\u00c9glise de la Conversion de-Saint- Paul, prenant la forme d\u2019un nuage. Nous en trouvons un dernier, monumental, englobant l\u2019enti\u00e8ret\u00e9 de la Tour \u00e0 M\u00e2chicoulis.<span class=\"Apple-converted-space\">\u00a0<br \/><\/span>Ces nids, aux formes organiques, l\u00e9g\u00e8res et hors du temps, contrastent avec les constructions architecturales m\u00e9di\u00e9vales massives du village.<span class=\"Apple-converted-space\">\u00a0<\/span><\/p>\n<p>Po\u00e9tiques et m\u00e9lancoliques, ils nous \u00e9voquent les oiseaux, all\u00e9gories de la libert\u00e9, qui tendent aujourd\u2019hui \u00e0 dispara\u00eetre de nos villes et s\u2019\u00e9loigner des hommes, s\u2019\u00e9rigeant alors comme le symbole d\u2019une nature \u00e0 pr\u00e9server et \u00e0 prot\u00e9ger.<span class=\"Apple-converted-space\">\u00a0<\/span><\/p>\n<p><i>Nests in Saint-Paul-de-Vence <\/i>invite les oiseaux \u00e0 revenir et \u00e0 r\u00e9\u00e9lire domicile dans la ville.<span class=\"Apple-converted-space\">\u00a0<\/span><\/p>\n<p>Tadashi Kawamata est repr\u00e9sent\u00e9 par <a href=\"https:\/\/bis-art.com\/index.php\/mennour\/\">Mennour<\/a><\/p>\n<p>\u00a0 \u00a0 \u00a0<\/p>\n\n\n\n<hr class=\"wp-block-separator has-text-color has-background has-ast-global-color-0-background-color has-ast-global-color-0-color is-style-wide\"\/>\n\n\n\n<div class=\"page\" title=\"Page 22\">\n<div class=\"section\">\n<div class=\"layoutArea\">\n<div class=\"column\">\n<p><em>With his installation Nests in Saint-Paul-de-Vence, Tadashi Kawamata nests in the emblematic medieval village in the south of France.<span class=\"Apple-converted-space\">\u00a0<\/span><\/em><\/p>\n<p><em>Invasive and spontaneous, Nests are created by assembling salvaged materials made of wood, with great freedom of action and gesture. Intervening suddenly and unexpectedly in the urban space, they question the built forms of the city and our experience of them. Like all his creation, the Nests are always conceived in situ. The artist\u2019s creative process always begins after visiting the exhibition space. They are constructed as a reaction to a given location.<span class=\"Apple-converted-space\">\u00a0<br \/><\/span><\/em><em>Installed high up, these nests invite us to reflect on current ecological issues, global warming, and natural disasters. As they are ephemeral, they reinforce the sense of the fragility of biodiversity.<span class=\"Apple-converted-space\">\u00a0<br \/><\/span><\/em><em>These shelters and refuges are arranged on either side of the village. Two of the nests are perched, one on the tree of the Bastion Royal, the other on the rampart, Courtine Saint-M\u00eftre. Another wraps around the very high tower of the Collegiate Church of the Church Conversion of Saint Paul, taking on the shape of a cloud. The last is monumental, encompassing the entire M\u00e2chicoulis Tower. These nests, with their organic, light, timeless shapes, contrast with the village\u2019s massive medieval architectural structures.<span class=\"Apple-converted-space\">\u00a0<\/span><\/em><\/p>\n<p><em>Poetic and melancholy, they evoke birds, allegories of freedom, which are tending to disappear from our towns and cities and move further away from people, becoming symbols of a nature to be preserved and protected.<span class=\"Apple-converted-space\">\u00a0<\/span><\/em><\/p>\n<p><em>Nests in Saint-Paul-de-Vence invites birds to return and take up residence in the town.<\/em><\/p>\n<p><em>Tadashi Kawamata is represented by <a href=\"https:\/\/bis-art.com\/index.php\/mennour\/\">Mennour<\/a><\/em><\/p>\n<p>\u00a0 \u00a0<\/p>\n<\/div>\n<\/div>\n<\/div>\n<\/div>\n\n\n\n<hr class=\"wp-block-separator has-text-color has-background has-ast-global-color-0-background-color has-ast-global-color-0-color is-style-wide\"\/>\n\n\n\n<p><span style=\"color: #4b86c7;\"><strong><span style=\"color: #4b86c7;\"><a style=\"color: #4b86c7;\" href=\"https:\/\/bis-art.com\/index.php\/tadashi-kawamata\/\">&gt; Tadashi Kawamata<\/a><\/span><br \/><\/strong><\/span><strong><a href=\"https:\/\/bis-art.com\/index.php\/edition-2023-les-oeuvres\/\">&gt; Retour Liste des \u0153uvres<\/a><\/strong><\/p>\n\n\n\n<p><\/p>\n<\/div>\n\n\n\n<div class=\"wp-block-column\">\n<div class=\"alignnormal\"><div id=\"metaslider-id-3346\" style=\"max-width: 800px; margin: 0 auto;\" class=\"ml-slider-3-31-0 metaslider metaslider-nivo metaslider-3346 ml-slider ms-theme-nivo-light has-dots-nav\">\n    <div id=\"metaslider_container_3346\">\n        <div class='slider-wrapper theme-default'><div class='ribbon'><\/div><div id='metaslider_3346' class='nivoSlider'><img width=\"1440\" height=\"960\" src=\"https:\/\/bis-art.com\/wp-content\/uploads\/2023\/07\/8_1_9_Tadashi_KAWAMATA_Nests_in_Saint-Paul-de-Vence_2023_Courtesy_of_the_artist_and_Mennour_Paris_Photo_Frederic_PASQUINI.jpg\" class=\"slider-3346 slide-3356\" alt=\"\" loading=\"lazy\" data-caption=\"\" data-thumb=\"\" title=\"8_1_9_Tadashi_KAWAMATA_Nests_in_Saint-Paul-de-Vence_2023_Courtesy_of_the_artist_and_Mennour_Paris_Photo_Frederic_PASQUINI\" rel=\"\" srcset=\"https:\/\/bis-art.com\/wp-content\/uploads\/2023\/07\/8_1_9_Tadashi_KAWAMATA_Nests_in_Saint-Paul-de-Vence_2023_Courtesy_of_the_artist_and_Mennour_Paris_Photo_Frederic_PASQUINI.jpg 1440w, https:\/\/bis-art.com\/wp-content\/uploads\/2023\/07\/8_1_9_Tadashi_KAWAMATA_Nests_in_Saint-Paul-de-Vence_2023_Courtesy_of_the_artist_and_Mennour_Paris_Photo_Frederic_PASQUINI-300x200.jpg 300w, https:\/\/bis-art.com\/wp-content\/uploads\/2023\/07\/8_1_9_Tadashi_KAWAMATA_Nests_in_Saint-Paul-de-Vence_2023_Courtesy_of_the_artist_and_Mennour_Paris_Photo_Frederic_PASQUINI-768x512.jpg 768w\" sizes=\"(max-width: 1440px) 100vw, 1440px\" \/><img width=\"1440\" height=\"960\" src=\"https:\/\/bis-art.com\/wp-content\/uploads\/2023\/07\/8_1_13_Tadashi_KAWAMATA_Nests_in_Saint-Paul-de-Vence_2023_Courtesy_of_the_artist_and_Mennour_Paris_Photo_Frederic_PASQUINI.jpg\" class=\"slider-3346 slide-3357\" alt=\"\" loading=\"lazy\" data-caption=\"\" data-thumb=\"\" title=\"8_1_13_Tadashi_KAWAMATA_Nests_in_Saint-Paul-de-Vence_2023_Courtesy_of_the_artist_and_Mennour_Paris_Photo_Frederic_PASQUINI\" rel=\"\" srcset=\"https:\/\/bis-art.com\/wp-content\/uploads\/2023\/07\/8_1_13_Tadashi_KAWAMATA_Nests_in_Saint-Paul-de-Vence_2023_Courtesy_of_the_artist_and_Mennour_Paris_Photo_Frederic_PASQUINI.jpg 1440w, https:\/\/bis-art.com\/wp-content\/uploads\/2023\/07\/8_1_13_Tadashi_KAWAMATA_Nests_in_Saint-Paul-de-Vence_2023_Courtesy_of_the_artist_and_Mennour_Paris_Photo_Frederic_PASQUINI-300x200.jpg 300w, https:\/\/bis-art.com\/wp-content\/uploads\/2023\/07\/8_1_13_Tadashi_KAWAMATA_Nests_in_Saint-Paul-de-Vence_2023_Courtesy_of_the_artist_and_Mennour_Paris_Photo_Frederic_PASQUINI-768x512.jpg 768w\" sizes=\"(max-width: 1440px) 100vw, 1440px\" \/><img width=\"1440\" height=\"960\" src=\"https:\/\/bis-art.com\/wp-content\/uploads\/2023\/07\/8_2_5_Tadashi_KAWAMATA_Nests_in_Saint-Paul-de-Vence_2023_Courtesy_of_the_artist_and_Mennour_Paris_Photo_Frederic_PASQUINI.jpg\" class=\"slider-3346 slide-3370\" alt=\"\" loading=\"lazy\" data-caption=\"\" data-thumb=\"\" title=\"8_2_5_Tadashi_KAWAMATA_Nests_in_Saint-Paul-de-Vence_2023_Courtesy_of_the_artist_and_Mennour_Paris_Photo_Frederic_PASQUINI\" rel=\"\" srcset=\"https:\/\/bis-art.com\/wp-content\/uploads\/2023\/07\/8_2_5_Tadashi_KAWAMATA_Nests_in_Saint-Paul-de-Vence_2023_Courtesy_of_the_artist_and_Mennour_Paris_Photo_Frederic_PASQUINI.jpg 1440w, https:\/\/bis-art.com\/wp-content\/uploads\/2023\/07\/8_2_5_Tadashi_KAWAMATA_Nests_in_Saint-Paul-de-Vence_2023_Courtesy_of_the_artist_and_Mennour_Paris_Photo_Frederic_PASQUINI-300x200.jpg 300w, https:\/\/bis-art.com\/wp-content\/uploads\/2023\/07\/8_2_5_Tadashi_KAWAMATA_Nests_in_Saint-Paul-de-Vence_2023_Courtesy_of_the_artist_and_Mennour_Paris_Photo_Frederic_PASQUINI-768x512.jpg 768w\" sizes=\"(max-width: 1440px) 100vw, 1440px\" \/><img width=\"960\" height=\"1440\" src=\"https:\/\/bis-art.com\/wp-content\/uploads\/2023\/07\/8_2_1_Tadashi_KAWAMATA_Nests_in_Saint-Paul-de-Vence_2023_Courtesy_of_the_artist_and_Mennour_Paris_Photo_Frederic_PASQUINI.jpg\" class=\"slider-3346 slide-3371\" alt=\"\" loading=\"lazy\" data-caption=\"\" data-thumb=\"\" title=\"8_2_1_Tadashi_KAWAMATA_Nests_in_Saint-Paul-de-Vence_2023_Courtesy_of_the_artist_and_Mennour_Paris_Photo_Frederic_PASQUINI\" rel=\"\" srcset=\"https:\/\/bis-art.com\/wp-content\/uploads\/2023\/07\/8_2_1_Tadashi_KAWAMATA_Nests_in_Saint-Paul-de-Vence_2023_Courtesy_of_the_artist_and_Mennour_Paris_Photo_Frederic_PASQUINI.jpg 960w, https:\/\/bis-art.com\/wp-content\/uploads\/2023\/07\/8_2_1_Tadashi_KAWAMATA_Nests_in_Saint-Paul-de-Vence_2023_Courtesy_of_the_artist_and_Mennour_Paris_Photo_Frederic_PASQUINI-200x300.jpg 200w, https:\/\/bis-art.com\/wp-content\/uploads\/2023\/07\/8_2_1_Tadashi_KAWAMATA_Nests_in_Saint-Paul-de-Vence_2023_Courtesy_of_the_artist_and_Mennour_Paris_Photo_Frederic_PASQUINI-768x1152.jpg 768w\" sizes=\"(max-width: 960px) 100vw, 960px\" \/><img width=\"1440\" height=\"960\" src=\"https:\/\/bis-art.com\/wp-content\/uploads\/2023\/07\/8_3_16_Tadashi_KAWAMATA_Nests_in_Saint-Paul-de-Vence_2023_Courtesy_of_the_artist_and_Mennour_Paris_Photo_Frederic_PASQUINI.jpg\" class=\"slider-3346 slide-3372\" alt=\"\" loading=\"lazy\" data-caption=\"\" data-thumb=\"\" title=\"8_3_16_Tadashi_KAWAMATA_Nests_in_Saint-Paul-de-Vence_2023_Courtesy_of_the_artist_and_Mennour_Paris_Photo_Frederic_PASQUINI\" rel=\"\" srcset=\"https:\/\/bis-art.com\/wp-content\/uploads\/2023\/07\/8_3_16_Tadashi_KAWAMATA_Nests_in_Saint-Paul-de-Vence_2023_Courtesy_of_the_artist_and_Mennour_Paris_Photo_Frederic_PASQUINI.jpg 1440w, https:\/\/bis-art.com\/wp-content\/uploads\/2023\/07\/8_3_16_Tadashi_KAWAMATA_Nests_in_Saint-Paul-de-Vence_2023_Courtesy_of_the_artist_and_Mennour_Paris_Photo_Frederic_PASQUINI-300x200.jpg 300w, https:\/\/bis-art.com\/wp-content\/uploads\/2023\/07\/8_3_16_Tadashi_KAWAMATA_Nests_in_Saint-Paul-de-Vence_2023_Courtesy_of_the_artist_and_Mennour_Paris_Photo_Frederic_PASQUINI-768x512.jpg 768w\" sizes=\"(max-width: 1440px) 100vw, 1440px\" \/><img width=\"1440\" height=\"960\" src=\"https:\/\/bis-art.com\/wp-content\/uploads\/2023\/07\/8_3_7_Tadashi_KAWAMATA_Nests_in_Saint-Paul-de-Vence_2023_Courtesy_of_the_artist_and_Mennour_Paris_Photo_Frederic_PASQUINI.jpg\" class=\"slider-3346 slide-3373\" alt=\"\" loading=\"lazy\" data-caption=\"\" data-thumb=\"\" title=\"8_3_7_Tadashi_KAWAMATA_Nests_in_Saint-Paul-de-Vence_2023_Courtesy_of_the_artist_and_Mennour_Paris_Photo_Frederic_PASQUINI\" rel=\"\" srcset=\"https:\/\/bis-art.com\/wp-content\/uploads\/2023\/07\/8_3_7_Tadashi_KAWAMATA_Nests_in_Saint-Paul-de-Vence_2023_Courtesy_of_the_artist_and_Mennour_Paris_Photo_Frederic_PASQUINI.jpg 1440w, https:\/\/bis-art.com\/wp-content\/uploads\/2023\/07\/8_3_7_Tadashi_KAWAMATA_Nests_in_Saint-Paul-de-Vence_2023_Courtesy_of_the_artist_and_Mennour_Paris_Photo_Frederic_PASQUINI-300x200.jpg 300w, https:\/\/bis-art.com\/wp-content\/uploads\/2023\/07\/8_3_7_Tadashi_KAWAMATA_Nests_in_Saint-Paul-de-Vence_2023_Courtesy_of_the_artist_and_Mennour_Paris_Photo_Frederic_PASQUINI-768x512.jpg 768w\" sizes=\"(max-width: 1440px) 100vw, 1440px\" \/><img width=\"1080\" height=\"1440\" src=\"https:\/\/bis-art.com\/wp-content\/uploads\/2023\/07\/8_5_26_Tadashi_KAWAMATA_Nests_in_Saint-Paul-de-Vence_2023_Courtesy_of_the_artist_and_Mennour_Paris_Photo_Catherine_Issert.jpg\" class=\"slider-3346 slide-3374\" alt=\"\" loading=\"lazy\" data-caption=\"\" data-thumb=\"\" title=\"8_5_26_Tadashi_KAWAMATA_Nests_in_Saint-Paul-de-Vence_2023_Courtesy_of_the_artist_and_Mennour_Paris_Photo_Catherine_Issert\" rel=\"\" srcset=\"https:\/\/bis-art.com\/wp-content\/uploads\/2023\/07\/8_5_26_Tadashi_KAWAMATA_Nests_in_Saint-Paul-de-Vence_2023_Courtesy_of_the_artist_and_Mennour_Paris_Photo_Catherine_Issert.jpg 1080w, https:\/\/bis-art.com\/wp-content\/uploads\/2023\/07\/8_5_26_Tadashi_KAWAMATA_Nests_in_Saint-Paul-de-Vence_2023_Courtesy_of_the_artist_and_Mennour_Paris_Photo_Catherine_Issert-225x300.jpg 225w, https:\/\/bis-art.com\/wp-content\/uploads\/2023\/07\/8_5_26_Tadashi_KAWAMATA_Nests_in_Saint-Paul-de-Vence_2023_Courtesy_of_the_artist_and_Mennour_Paris_Photo_Catherine_Issert-768x1024.jpg 768w\" sizes=\"(max-width: 1080px) 100vw, 1080px\" \/><img width=\"1440\" height=\"961\" src=\"https:\/\/bis-art.com\/wp-content\/uploads\/2023\/07\/8_5_25_Tadashi_KAWAMATA_Nests_in_Saint-Paul-de-Vence_2023_Courtesy_of_the_artist_and_Mennour_Paris_Photo_Frederic_PASQUINI.jpg\" class=\"slider-3346 slide-3375\" alt=\"\" loading=\"lazy\" data-caption=\"\" data-thumb=\"\" title=\"8_5_25_Tadashi_KAWAMATA_Nests_in_Saint-Paul-de-Vence_2023_Courtesy_of_the_artist_and_Mennour_Paris_Photo_Frederic_PASQUINI\" rel=\"\" srcset=\"https:\/\/bis-art.com\/wp-content\/uploads\/2023\/07\/8_5_25_Tadashi_KAWAMATA_Nests_in_Saint-Paul-de-Vence_2023_Courtesy_of_the_artist_and_Mennour_Paris_Photo_Frederic_PASQUINI.jpg 1440w, https:\/\/bis-art.com\/wp-content\/uploads\/2023\/07\/8_5_25_Tadashi_KAWAMATA_Nests_in_Saint-Paul-de-Vence_2023_Courtesy_of_the_artist_and_Mennour_Paris_Photo_Frederic_PASQUINI-300x200.jpg 300w, https:\/\/bis-art.com\/wp-content\/uploads\/2023\/07\/8_5_25_Tadashi_KAWAMATA_Nests_in_Saint-Paul-de-Vence_2023_Courtesy_of_the_artist_and_Mennour_Paris_Photo_Frederic_PASQUINI-768x513.jpg 768w\" sizes=\"(max-width: 1440px) 100vw, 1440px\" \/><\/div><\/div>\n        \n    <\/div>\n<\/div><\/div>\n\n\n\n<div class=\"page\" title=\"Page 21\">\n<div class=\"section\">\n<div class=\"layoutArea\">\n<div class=\"column\">\n<div class=\"page\" title=\"Page 13\">\n<div class=\"section\">\n<div class=\"layoutArea\">\n<div class=\"column\">\n<p style=\"text-align: right;\"><span style=\"color: #4b86c7;\"><strong>Nests in Saint-Paul-de-Vence, 2023<\/strong><span class=\"Apple-converted-space\"><strong>\u00a0<\/strong><br \/><\/span><\/span>Bois<span class=\"Apple-converted-space\">\u00a0<br \/><\/span><em>Wood<span class=\"Apple-converted-space\">\u00a0<br \/><\/span><\/em>Dimensions variables \/ <em>Variable dimensions<span class=\"Apple-converted-space\">\u00a0<br \/><\/span><\/em>\u00a9 Tadashi Kawamata Courtesy of the artist and Mennour Paris<span class=\"Apple-converted-space\">\u00a0<\/span><\/p>\n<\/div>\n<\/div>\n<\/div>\n<\/div>\n<\/div>\n<\/div>\n<\/div>\n<\/div>\n<\/div>\n<\/div>\n\n\n\n<div style=\"height:60px\" aria-hidden=\"true\" class=\"wp-block-spacer\"><\/div>\n","protected":false},"excerpt":{"rendered":"<p>Tadashi KawamataNests in Saint-Paul-de-Vence, 2023 \u00a0 Avec son installation Nests in Saint-Paul-de-Vence, Tadashi Kawamata nidifie le village embl\u00e9matique m\u00e9di\u00e9val du Sud de la France.\u00a0 Invasifs et spontan\u00e9s, les Nests sont r\u00e9alis\u00e9s en assemblant des mat\u00e9riaux de r\u00e9cup\u00e9ration faits de bois, dans une grande libert\u00e9 d\u2019action et de geste. Intervenant de mani\u00e8re soudaine et inattendue dans &hellip;<\/p>\n<p class=\"read-more\"> <a class=\"\" href=\"https:\/\/bis-art.com\/index.php\/tadashi-kawamata-nests-in-saint-paul-de-vence-2023\/\"> <span class=\"screen-reader-text\">Tadashi Kawamata-Nests in Saint-Paul- de-Vence, 2023<\/span> Lire la suite \u00bb<\/a><\/p>\n","protected":false},"author":1,"featured_media":0,"parent":0,"menu_order":0,"comment_status":"closed","ping_status":"closed","template":"","meta":{"site-sidebar-layout":"default","site-content-layout":"default","ast-global-header-display":"","ast-main-header-display":"","ast-hfb-above-header-display":"","ast-hfb-below-header-display":"","ast-hfb-mobile-header-display":"","site-post-title":"disabled","ast-breadcrumbs-content":"","ast-featured-img":"","footer-sml-layout":"","theme-transparent-header-meta":"","adv-header-id-meta":"","stick-header-meta":"","header-above-stick-meta":"","header-main-stick-meta":"","header-below-stick-meta":""},"_links":{"self":[{"href":"https:\/\/bis-art.com\/index.php\/wp-json\/wp\/v2\/pages\/3344"}],"collection":[{"href":"https:\/\/bis-art.com\/index.php\/wp-json\/wp\/v2\/pages"}],"about":[{"href":"https:\/\/bis-art.com\/index.php\/wp-json\/wp\/v2\/types\/page"}],"author":[{"embeddable":true,"href":"https:\/\/bis-art.com\/index.php\/wp-json\/wp\/v2\/users\/1"}],"replies":[{"embeddable":true,"href":"https:\/\/bis-art.com\/index.php\/wp-json\/wp\/v2\/comments?post=3344"}],"version-history":[{"count":3,"href":"https:\/\/bis-art.com\/index.php\/wp-json\/wp\/v2\/pages\/3344\/revisions"}],"predecessor-version":[{"id":3376,"href":"https:\/\/bis-art.com\/index.php\/wp-json\/wp\/v2\/pages\/3344\/revisions\/3376"}],"wp:attachment":[{"href":"https:\/\/bis-art.com\/index.php\/wp-json\/wp\/v2\/media?parent=3344"}],"curies":[{"name":"wp","href":"https:\/\/api.w.org\/{rel}","templated":true}]}}